{"id":209652,"date":"2026-01-25T15:29:22","date_gmt":"2026-01-25T12:29:22","guid":{"rendered":"https:\/\/www.journalofficiel.dj\/?post_type=texte-juridique&#038;p=209652"},"modified":"2026-01-25T16:27:10","modified_gmt":"2026-01-25T13:27:10","slug":"arrete-n2025-170-pre-portant-approbation-du-budget-previsionnel-du-fonds-du-soutien-du-handicap-pour-lannee-2026","status":"publish","type":"texte-juridique","link":"https:\/\/www.journalofficiel.dj\/arabe\/texte-juridique\/arrete-n2025-170-pre-portant-approbation-du-budget-previsionnel-du-fonds-du-soutien-du-handicap-pour-lannee-2026\/","title":{"rendered":"Arr\u00eat\u00e9 n\u00b0 2025-170\/PRE portant approbation du budget pr\u00e9visionnel du Fonds du Soutien du Handicap  pour l&rsquo;ann\u00e9e 2026."},"content":{"rendered":"<p><strong>Article 1<\/strong> : Est approuv\u00e9 le budget pr\u00e9visionnel du FSH de l&rsquo;ANPH pour l&rsquo;exercice 2026 comme suit :<\/p>\n<p>&#8211; Total des produits :&#8230;&#8230;&#8230;&#8230;&#8230;&#8230;&#8230;&#8230;&#8230;&#8230;&#8230;&#8230;&#8230;208 365 500 FDJ<\/p>\n<p>&#8211; Total des charges :&#8230;&#8230;&#8230;&#8230;&#8230;&#8230;&#8230;&#8230;&#8230;&#8230;&#8230;&#8230;&#8230;208 365 500 FDJ<\/p>\n<p><strong>Article 2<\/strong> : Le pr\u00e9sent Arr\u00eat\u00e9 sera enregistr\u00e9, communiqu\u00e9, ex\u00e9cut\u00e9 partout o\u00f9 besoin sera et publi\u00e9 Journal Officiel de la R\u00e9publique de Djibouti.<\/p>\n<p>Fait \u00e0 Djibouti, le 28 D\u00e9cembre 2025<\/p>","protected":false},"author":6,"template":"","format":"standard","meta":{"_acf_changed":false,"_monsterinsights_skip_tracking":false,"_monsterinsights_sitenote_active":false,"_monsterinsights_sitenote_note":"","_monsterinsights_sitenote_category":0,"footnotes":""},"institution":[543],"nature-dun-texte":[256],"class_list":["post-209652","texte-juridique","type-texte-juridique","status-publish","format-standard","hentry","institution-2-pre","nature-dun-texte-arrete"],"acf":{"reference":"2025-170\/PRE","comment":"portant approbation du budget pr\u00e9visionnel du Fonds du Soutien du Handicap pour l'ann\u00e9e 2026.","visas":"LE PRESIDENT DE LA REPUBLIQUE, CHEF DU GOUVERNEMENT\r\nVU La Constitution du 15 septembre 1992 ;\r\nVU La Loi Constitutionnelle n\u00b092\/AN\/10\/6\u00e8me L du 21 avril 2010 portant r\u00e9vision de la Constitution ;\r\nVU La Loi n\u00b0192\/AN\/25\/9\u00e8me L du 06 novembre 2025 portant r\u00e9vision de la Constitution ;\r\nVU La Loi n\u00b067\/AN\/09\/6\u00e8me L du 03 janvier 2010 relative \u00e0 la ratification de la Convention relative aux Droits des personnes handicap\u00e9es ;\r\nVU La Loi n\u00b069\/AN\/09\/6\u00e8me L 03 janvier 2010 relative \u00e0 la ratification du protocole facultatif se rapportant \u00e0 la Convention relative aux Droits des personnes handicap\u00e9es ;\r\nVU La Loi n\u00b0015\/AN\/18\/8\u00e8me L du 25 juin 2018 portant cr\u00e9ation de l'Agence Nationale des Personnes Handicap\u00e9es ;\r\nVU La Loi n\u00b0136\/AN\/21\/8\u00e8me L du 09 d\u00e9cembre 2021 portant adoption de la Strat\u00e9gie Nationale du Handicap de 2021-2025 de la R\u00e9publique de Djibouti ;\r\nVU La Loi n\u00b0168\/AN\/22\/8\u00e8me L du 09 novembre 2022 portant cr\u00e9ation du Fonds de Soutien pour le Handicap (FSH) ;\r\nVU Le D\u00e9cret n\u00b02022-030\/PRE du 08 f\u00e9vrier 2022 portant adoption du Plan d'Action National 2022-2024 de la Strat\u00e9gie Nationale du Handicap 2021-2025 ;\r\nVU Le D\u00e9cret n\u00b02018-293\/PRE 02 octobre 2018 portant organisation et fonctionnement de l'Agence Nationale des Personnes Handicap\u00e9es ;\r\nVU Le D\u00e9cret n\u00b02021-105\/PRE du 24 mai 2021 portant nomination du Premier Ministre ;\r\nVU Le D\u00e9cret n\u00b02021-106\/PRE du 24 mai 2021 portant nomination des membres du Gouvernement ;\r\nVU Le D\u00e9cret n\u00b02021-114\/PRE du 31 mai 2021 fixant les attributions des Minist\u00e8res;\r\nVU Le D\u00e9cret n\u00b02022-001\/PRE du 02 janvier 2022 portant remaniement Minist\u00e9riel;\r\nVU Le D\u00e9cret n\u00b02025-082\/PRE du 01 avril 2025 portant nomination du Ministre des Affaires Etrang\u00e8res et de la Coop\u00e9ration Internationale ;\r\nVU La D\u00e9lib\u00e9ration n\u00b001\/2024\/FSH du 14\/11\/2024 du Comit\u00e9 de Gestion du FSH ;\r\nSUR Proposition de la Pr\u00e9sidence de la R\u00e9publique.\r\nLe Conseil des Ministres entendu en sa s\u00e9ance du 23 d\u00e9cembre 2025.","signature":"Le Pr\u00e9sident de la R\u00e9publique,\r\nChef du Gouvernement\r\nISMA\u00cfL OMAR GUELLEH","nature_du_texte":256,"journal_officiel":[209642],"institution":543,"mesures":"0","old_texte_id":"","fichiers":null,"titre_ar":"","contenu_ar":"","commentaire_ar":"","visas_ar":"","signature_ar":""},"aioseo_notices":[],"_links":{"self":[{"href":"https:\/\/www.journalofficiel.dj\/arabe\/wp-json\/wp\/v2\/texte-juridique\/209652","targetHints":{"allow":["GET"]}}],"collection":[{"href":"https:\/\/www.journalofficiel.dj\/arabe\/wp-json\/wp\/v2\/texte-juridique"}],"about":[{"href":"https:\/\/www.journalofficiel.dj\/arabe\/wp-json\/wp\/v2\/types\/texte-juridique"}],"author":[{"embeddable":true,"href":"https:\/\/www.journalofficiel.dj\/arabe\/wp-json\/wp\/v2\/users\/6"}],"version-history":[{"count":2,"href":"https:\/\/www.journalofficiel.dj\/arabe\/wp-json\/wp\/v2\/texte-juridique\/209652\/revisions"}],"predecessor-version":[{"id":209654,"href":"https:\/\/www.journalofficiel.dj\/arabe\/wp-json\/wp\/v2\/texte-juridique\/209652\/revisions\/209654"}],"acf:term":[{"embeddable":true,"taxonomy":"institution","href":"https:\/\/www.journalofficiel.dj\/arabe\/wp-json\/wp\/v2\/institution\/543"},{"embeddable":true,"taxonomy":"nature-dun-texte","href":"https:\/\/www.journalofficiel.dj\/arabe\/wp-json\/wp\/v2\/nature-dun-texte\/256"}],"acf:post":[{"embeddable":true,"href":"https:\/\/www.journalofficiel.dj\/arabe\/wp-json\/wp\/v2\/journal-officiel\/209642"}],"wp:attachment":[{"href":"https:\/\/www.journalofficiel.dj\/arabe\/wp-json\/wp\/v2\/media?parent=209652"}],"wp:term":[{"taxonomy":"institution","embeddable":true,"href":"https:\/\/www.journalofficiel.dj\/arabe\/wp-json\/wp\/v2\/institution?post=209652"},{"taxonomy":"nature-dun-texte","embeddable":true,"href":"https:\/\/www.journalofficiel.dj\/arabe\/wp-json\/wp\/v2\/nature-dun-texte?post=209652"}],"curies":[{"name":"wp","href":"https:\/\/api.w.org\/{rel}","templated":true}]}}