{"id":209658,"date":"2026-01-25T15:36:11","date_gmt":"2026-01-25T12:36:11","guid":{"rendered":"https:\/\/www.journalofficiel.dj\/?post_type=texte-juridique&#038;p=209658"},"modified":"2026-01-25T16:27:09","modified_gmt":"2026-01-25T13:27:09","slug":"decret-n2025-364-pr-mjdh-portant-mesures-de-grace-presidentielle","status":"publish","type":"texte-juridique","link":"https:\/\/www.journalofficiel.dj\/arabe\/texte-juridique\/decret-n2025-364-pr-mjdh-portant-mesures-de-grace-presidentielle\/","title":{"rendered":"D\u00e9cret n\u00b0 2025-364\/PR\/MJDH portant mesures de gr\u00e2ce pr\u00e9sidentielle."},"content":{"rendered":"<p><strong>Article 1er<\/strong> : A l&rsquo;occasion de la nouvelle ann\u00e9e 2026, il est accord\u00e9 le b\u00e9n\u00e9fice de la gr\u00e2ce pr\u00e9sidentielle aux d\u00e9tenus condamn\u00e9s \u00e0 des peines criminelles ou correctionnelles par une d\u00e9cision devenue d\u00e9finitive par les cours et tribunaux de la R\u00e9publique de Djibouti, suivant les modalit\u00e9s d\u00e9finies par le pr\u00e9sent d\u00e9cret.<\/p>\n<p><strong>Article 2<\/strong> : Sont exclus du b\u00e9n\u00e9fice de cette gr\u00e2ce, les personnes condamn\u00e9es pour les infractions suivantes :<\/p>\n<p>&#8211; D\u00e9tention ill\u00e9gale d&rsquo;armes \u00e0 feu,<\/p>\n<p>&#8211; Atteinte \u00e0 la s\u00fbret\u00e9 de l&rsquo;Etat,<\/p>\n<p>&#8211; Terrorisme,<\/p>\n<p>&#8211; Corruption,<\/p>\n<p>&#8211; Drogue,<\/p>\n<p>&#8211; Traite d&rsquo;Etres humains,<\/p>\n<p>&#8211; Trafic de stup\u00e9fiant,<\/p>\n<p>&#8211; Viol et agression sexuelle,<\/p>\n<p>&#8211; D\u00e9tention ou mise en circulation de faux billets de banque.<\/p>\n<p><strong>Article 3<\/strong> : Sont \u00e9galement exclus du b\u00e9n\u00e9fice de la gr\u00e2ce, les personnes condamn\u00e9es dans le cadre de r\u00e9cidive l\u00e9gale.<\/p>\n<p><strong>Article 4<\/strong> : Les personnes condamn\u00e9es pour des faits de d\u00e9tournements de deniers publics ou pour des infractions ayant mis en p\u00e9ril les deniers de l&rsquo;Etat ne peuvent b\u00e9n\u00e9ficier de cette mesure que si elles remboursent les sommes d\u00e9tourn\u00e9es ou mises en p\u00e9ril et payent les amendes et les frais de justice.<\/p>\n<p><strong>Article 5<\/strong> : A l&rsquo;exception des auteurs des infractions \u00e9nonc\u00e9es \u00e0 l&rsquo;article 2 et 3, b\u00e9n\u00e9ficient d&rsquo;une remise de peines \u00e9quivalente \u00e0 4 mois d&#8217;emprisonnement :<\/p>\n<p>&#8211; Les personnes condamn\u00e9es purgeant une peine d&#8217;emprisonnement dans un \u00e9tablissement carc\u00e9ral en R\u00e9publique de Djibouti,<\/p>\n<p>&#8211; Les personnes qui ont une infirmit\u00e9 physique ou mentale, notoire,<\/p>\n<p>&#8211; Les personnes atteintes de maladie incurable et \u00e0 un stade avanc\u00e9.<\/p>\n<p>Une commission m\u00e9dicale devra \u00eatre consult\u00e9e pour la mise en application de ces derni\u00e8res cat\u00e9gories.<\/p>\n<p><strong>Article 6<\/strong> : Sont \u00e9galement graci\u00e9es, \u00e0 l&rsquo;occasion de la f\u00eate de l&rsquo;ind\u00e9pendance, les personnes condamn\u00e9es dont la peine est inf\u00e9rieure \u00e0 4 mois \u00e0 compter de la date de 27 juin 2025. Elles seront lib\u00e9r\u00e9es le 26 juin 2025. Les dispositions des articles 2, 3 et 7 leur sont applicables.<\/p>\n<p><strong>Article 7<\/strong> : Les \u00e9trangers b\u00e9n\u00e9ficiant de cette remise gracieuse, lesquels seraient imm\u00e9diatement lib\u00e9r\u00e9s en application de cette mesure feront l&rsquo;objet d&rsquo;un arr\u00eat\u00e9 d\u2019expulsion vers leur pays d&rsquo;origine.<\/p>\n<p><strong>Article 8<\/strong> : Le Ministre de la Justice, le Ministre de l&rsquo;Int\u00e9rieur et le Ministre du Budget sont charg\u00e9s, chacun en ce qui le concerne, de l&rsquo;ex\u00e9cution du pr\u00e9sent d\u00e9cret qui sera publi\u00e9 au Journal Officiel de la R\u00e9publique de Djibouti.<\/p>\n<p>Fait \u00e0 Djibouti, le 31 D\u00e9cembre 2025<\/p>","protected":false},"author":6,"template":"","format":"standard","meta":{"_acf_changed":false,"_monsterinsights_skip_tracking":false,"_monsterinsights_sitenote_active":false,"_monsterinsights_sitenote_note":"","_monsterinsights_sitenote_category":0,"footnotes":""},"institution":[704],"nature-dun-texte":[248],"class_list":["post-209658","texte-juridique","type-texte-juridique","status-publish","format-standard","hentry","institution-87-mjapcdh","nature-dun-texte-decret"],"acf":{"reference":"2025-364\/PR\/MJDH","comment":"portant mesures de gr\u00e2ce pr\u00e9sidentielle.","visas":"LE PRESIDENT DE LA REPUBLIQUE, CHEF DU GOUVERNEMENT\r\nVU La Constitution du 15 septembre 1992 ;\r\nVU La Loi constitutionnelle n\u00b092\/AN\/10\/6\u00e8me L du 21 avril 2010 portant r\u00e9vision de la constitution ;\r\nVU La Loi Constitutionnelle n\u00b0192\/AN\/25\/9\u00e8me L du 6 novembre 2025 portant r\u00e9vision de la Constitution ;\r\nVU La Loi n\u00b060\/AN\/94 du 5 janvier 1995 portant code p\u00e9nal et code de proc\u00e9dure p\u00e9nale ;\r\nVU Le D\u00e9cret n\u00b02021-105\/PRE du 24 mai 2021 portant nomination du Premier Ministre ;\r\nVU Le D\u00e9cret n\u00b02021-106\/PRE du 24 mai 2021 portant nomination des membres du Gouvernement ;\r\nVU Le D\u00e9cret n\u00b02021-114\/PRE du 31 mai 2021 fixant les attributions des Minist\u00e8res;\r\nVU Le D\u00e9cret n\u00b02022-001\/PRE du 02 janvier 2022 portant remaniement Minist\u00e9riel;\r\nVU Le D\u00e9cret n\u00b02025-082\/PRE du 01 avril 2025 portant nomination du Ministre des Affaires Etrang\u00e8res et de la Coop\u00e9ration Internationale ;\r\nSUR Proposition du Garde des Sceaux, Ministre de la Justice et des Affaires P\u00e9nitentiaires, charge des Droits de l'Homme.","signature":"Le Pr\u00e9sident de la R\u00e9publique,\r\nChef du Gouvernement\r\nISMA\u00cfL OMAR GUELLEH","nature_du_texte":248,"journal_officiel":[209642],"institution":704,"mesures":"0","old_texte_id":"","fichiers":null,"titre_ar":"","contenu_ar":"","commentaire_ar":"","visas_ar":"","signature_ar":""},"aioseo_notices":[],"_links":{"self":[{"href":"https:\/\/www.journalofficiel.dj\/arabe\/wp-json\/wp\/v2\/texte-juridique\/209658","targetHints":{"allow":["GET"]}}],"collection":[{"href":"https:\/\/www.journalofficiel.dj\/arabe\/wp-json\/wp\/v2\/texte-juridique"}],"about":[{"href":"https:\/\/www.journalofficiel.dj\/arabe\/wp-json\/wp\/v2\/types\/texte-juridique"}],"author":[{"embeddable":true,"href":"https:\/\/www.journalofficiel.dj\/arabe\/wp-json\/wp\/v2\/users\/6"}],"version-history":[{"count":2,"href":"https:\/\/www.journalofficiel.dj\/arabe\/wp-json\/wp\/v2\/texte-juridique\/209658\/revisions"}],"predecessor-version":[{"id":209660,"href":"https:\/\/www.journalofficiel.dj\/arabe\/wp-json\/wp\/v2\/texte-juridique\/209658\/revisions\/209660"}],"acf:term":[{"embeddable":true,"taxonomy":"institution","href":"https:\/\/www.journalofficiel.dj\/arabe\/wp-json\/wp\/v2\/institution\/704"},{"embeddable":true,"taxonomy":"nature-dun-texte","href":"https:\/\/www.journalofficiel.dj\/arabe\/wp-json\/wp\/v2\/nature-dun-texte\/248"}],"acf:post":[{"embeddable":true,"href":"https:\/\/www.journalofficiel.dj\/arabe\/wp-json\/wp\/v2\/journal-officiel\/209642"}],"wp:attachment":[{"href":"https:\/\/www.journalofficiel.dj\/arabe\/wp-json\/wp\/v2\/media?parent=209658"}],"wp:term":[{"taxonomy":"institution","embeddable":true,"href":"https:\/\/www.journalofficiel.dj\/arabe\/wp-json\/wp\/v2\/institution?post=209658"},{"taxonomy":"nature-dun-texte","embeddable":true,"href":"https:\/\/www.journalofficiel.dj\/arabe\/wp-json\/wp\/v2\/nature-dun-texte?post=209658"}],"curies":[{"name":"wp","href":"https:\/\/api.w.org\/{rel}","templated":true}]}}