{"id":209664,"date":"2026-01-25T16:13:37","date_gmt":"2026-01-25T13:13:37","guid":{"rendered":"https:\/\/www.journalofficiel.dj\/?post_type=texte-juridique&#038;p=209664"},"modified":"2026-01-25T16:27:07","modified_gmt":"2026-01-25T13:27:07","slug":"arrete-n2025-168-pr-mb-portant-attribution-dune-parcelle-de-terrain-au-profit-de-lagence-de-rehabilitation-urbaine-et-du-logement-social","status":"publish","type":"texte-juridique","link":"https:\/\/www.journalofficiel.dj\/arabe\/texte-juridique\/arrete-n2025-168-pr-mb-portant-attribution-dune-parcelle-de-terrain-au-profit-de-lagence-de-rehabilitation-urbaine-et-du-logement-social\/","title":{"rendered":"Arr\u00eate n\u00b0 2025-168\/PR\/MB portant attribution d&rsquo;une parcelle de terrain au profit de l&rsquo;Agence de r\u00e9habilitation Urbaine et du Logement Social."},"content":{"rendered":"<p>Artible 1 : Il est attribu\u00e9 \u00e0 titre on\u00e9reux \u00e0 raison de 1500 FDJ le m\u00e8tre carr\u00e9 au profit de l&rsquo;Agence de R\u00e9habilitation Urbaine et du Logeaient Social (ARULoS), une parcelle de terrain sise \u00e0 Balbala Sud, d&rsquo;une superficie de 8.5 hectares.<\/p>\n<p>Article 2 : Ladite-parcelle de terrain est destin\u00e9e \u201c\u00e0 l&rsquo;augmentation de l&rsquo;offre de parcelles sociales\u201d.<\/p>\n<p>Article 3 : Le pr\u00e9sent arr\u00eat\u00e9 sera enregistr\u00e9 \u00e0 la diligence et \u00e0 la charge du concessionnaire.<\/p>\n<p>Article 4 : Le pr\u00e9sent Arr\u00eat\u00e9 sera communiqu\u00e9 partout o\u00f9 besoin sera et publi\u00e9 au Journal Officiel de la R\u00e9publique de Djibouti.<\/p>\n<p>Fait \u00e0 Djibouti, le 24 D\u00e9cembre 2025<\/p>","protected":false},"author":6,"template":"","format":"standard","meta":{"_acf_changed":false,"_monsterinsights_skip_tracking":false,"_monsterinsights_sitenote_active":false,"_monsterinsights_sitenote_note":"","_monsterinsights_sitenote_category":0,"footnotes":""},"institution":[630],"nature-dun-texte":[256],"class_list":["post-209664","texte-juridique","type-texte-juridique","status-publish","format-standard","hentry","institution-20-mb","nature-dun-texte-arrete"],"acf":{"reference":"2025-168\/PR\/MB","comment":"portant attribution d'une parcelle de terrain au profit de l'Agence de r\u00e9habilitation Urbaine et du Logement Social.","visas":"LE PRESIDENT DE LA REPUBLIQUE, CHEF DU GOUVERNEMENT\r\nVU La Constitution du 15 septembre 1992 ;\r\nVU La Loi Constitutionnelle n\u00b0134\/AN\/06\/5\u00e8me L du 02 f\u00e9vrier 2006 portant r\u00e9vision de la constitution.\r\nVU La Loi Constitutionnelle n\u00b0215\/AN\/08\/5\u00e8me L du 19 janvier 2008 portant r\u00e9vision de la constitution.\r\nVU La Loi Constitutionnelle n\u00b092\/AN\/10\/5\u00e8me L du 21 avril 2010 portant r\u00e9vision de la constitution.\r\nVU La Loi n\u00b0171\/AN\/91\/2\u00e8me L du 10 octobre 1991 portant organisation du Domaine Public de l'Etat ;\r\nVU La Loi n\u00b0173\/AN\/91\/2\u00e8me L du 10 octobre 1991 portant organisation du Domaine Priv\u00e9 de l'Etat ;\r\nVU La Loi n\u00b0177\/AN\/91\/2\u00e8me L du 10 octobre 1991 portant organisation de la Propri\u00e9t\u00e9 Fonci\u00e8re ;\r\nVU Le D\u00e9cret n\u00b02021-105\/PRE en date du 24 mai 2021 portant nomination du Premier Ministre ;\r\nVU Le D\u00e9cret n\u00b02021-106\/PRE en date du 24 mai 2021 portant nomination des membres du Gouvernement ;\r\nVU Le D\u00e9cret n\u00b02021-114\/PRE en date du 31 mai 2021 fixant les attributions des Minist\u00e8res ;\r\nVU Le D\u00e9cret n\u00b02022-001\/PRE en date du 02 janvier 2022 portant remaniement Minist\u00e9riel ;\r\nVU Le D\u00e9cret n\u00b02025-082\/PRE en date du 01 avril 2025 portant remaniement Minist\u00e9riel ;\r\nSUR Proposition du Ministre du Budget.\r\nLe Conseil des Ministres entendu en sa s\u00e9ance du 02 D\u00e9cembre 2025.","signature":"Le Pr\u00e9sident de la R\u00e9publique,\r\nChef du Gouvernement\r\nISMA\u00cfL OMAR GUELLEH","nature_du_texte":256,"journal_officiel":[209642],"institution":630,"mesures":"0","old_texte_id":"","fichiers":null,"titre_ar":"","contenu_ar":"","commentaire_ar":"","visas_ar":"","signature_ar":""},"aioseo_notices":[],"_links":{"self":[{"href":"https:\/\/www.journalofficiel.dj\/arabe\/wp-json\/wp\/v2\/texte-juridique\/209664","targetHints":{"allow":["GET"]}}],"collection":[{"href":"https:\/\/www.journalofficiel.dj\/arabe\/wp-json\/wp\/v2\/texte-juridique"}],"about":[{"href":"https:\/\/www.journalofficiel.dj\/arabe\/wp-json\/wp\/v2\/types\/texte-juridique"}],"author":[{"embeddable":true,"href":"https:\/\/www.journalofficiel.dj\/arabe\/wp-json\/wp\/v2\/users\/6"}],"version-history":[{"count":2,"href":"https:\/\/www.journalofficiel.dj\/arabe\/wp-json\/wp\/v2\/texte-juridique\/209664\/revisions"}],"predecessor-version":[{"id":209666,"href":"https:\/\/www.journalofficiel.dj\/arabe\/wp-json\/wp\/v2\/texte-juridique\/209664\/revisions\/209666"}],"acf:term":[{"embeddable":true,"taxonomy":"institution","href":"https:\/\/www.journalofficiel.dj\/arabe\/wp-json\/wp\/v2\/institution\/630"},{"embeddable":true,"taxonomy":"nature-dun-texte","href":"https:\/\/www.journalofficiel.dj\/arabe\/wp-json\/wp\/v2\/nature-dun-texte\/256"}],"acf:post":[{"embeddable":true,"href":"https:\/\/www.journalofficiel.dj\/arabe\/wp-json\/wp\/v2\/journal-officiel\/209642"}],"wp:attachment":[{"href":"https:\/\/www.journalofficiel.dj\/arabe\/wp-json\/wp\/v2\/media?parent=209664"}],"wp:term":[{"taxonomy":"institution","embeddable":true,"href":"https:\/\/www.journalofficiel.dj\/arabe\/wp-json\/wp\/v2\/institution?post=209664"},{"taxonomy":"nature-dun-texte","embeddable":true,"href":"https:\/\/www.journalofficiel.dj\/arabe\/wp-json\/wp\/v2\/nature-dun-texte?post=209664"}],"curies":[{"name":"wp","href":"https:\/\/api.w.org\/{rel}","templated":true}]}}