{"id":209673,"date":"2026-01-25T16:22:50","date_gmt":"2026-01-25T13:22:50","guid":{"rendered":"https:\/\/www.journalofficiel.dj\/?post_type=texte-juridique&#038;p=209673"},"modified":"2026-01-25T16:27:05","modified_gmt":"2026-01-25T13:27:05","slug":"arrete-n2025-177-pr-menfop-accordant-lautorisation-douvrir-une-ecole-privee-denseignement-prescolaire-primaire-moyen-et-secondaire-ecole-privee-bab-al-rayan","status":"publish","type":"texte-juridique","link":"https:\/\/www.journalofficiel.dj\/arabe\/texte-juridique\/arrete-n2025-177-pr-menfop-accordant-lautorisation-douvrir-une-ecole-privee-denseignement-prescolaire-primaire-moyen-et-secondaire-ecole-privee-bab-al-rayan\/","title":{"rendered":"Arr\u00eat\u00e9 n\u00b0 2025-177\/PR\/MENFOP accordant l&rsquo;autorisation d&rsquo;ouvrir une \u00e9cole priv\u00e9e d&rsquo;enseignement pr\u00e9scolaire, primaire, moyen et secondaire \u201cECOLE PRIVEE BAB-AL-RAYAN\u201d."},"content":{"rendered":"<p><strong>Article 1<\/strong> : L&rsquo;autorisation d&rsquo;ouvrir une \u00e9cole priv\u00e9e d&rsquo;enseignement en langue arabe d\u00e9finie dans les articles suivants est accord\u00e9e \u00e0 Monsieur HOUSSEIN GUEDDA MOUSSA.<\/p>\n<p><strong>Article 2<\/strong> : L&rsquo;\u00e9cole priv\u00e9e d\u00e9sign\u00e9e ci-dessus est nomm\u00e9e \u201cECOLE PRIVEE BAB-AL-RAYAN\u201d.<\/p>\n<p>Elle est dirig\u00e9e par Monsieur HOUSSEIN GUEDDA MOUSSA de nationalit\u00e9 Djjboutienne et titulaire d&rsquo;une licence, mention marine engineering technology.<\/p>\n<p>Elle a son si\u00e8ge \u00e0 PK 12.<\/p>\n<p><strong>Article 3<\/strong> : \u201cL&rsquo;ECOLE PRIVEE BAB-AL-RAYAN\u201d est autoris\u00e9e \u00e0 dispenser un enseignement pr\u00e9scolaire, primaire et moyen en langue arabe.<\/p>\n<p><strong>Article 4<\/strong> :Le Directeur et le personnel de \u201cL&rsquo;ECOLE PRIVEE Bab-Al-Rayan\u201d devront se conformer aux dispositions r\u00e9glementaires du d\u00e9cret n\u00b02005-0083\/PR\/MENSUP fixant les modalit\u00e9s de cr\u00e9ation et de fonctionnement des \u00e9tablissements priv\u00e9s d&rsquo;enseignement et notamment pr\u00e9senter un dossier d&rsquo;autorisation d&rsquo;enseigner pour le personnel enseignant de ladite \u00e9cole aupr\u00e8s de la Direction des Etablissements Priv\u00e9s et de l&rsquo;Education Non Formelle.<\/p>\n<p><strong>Article 5<\/strong> :Le pr\u00e9sent Arr\u00eat\u00e9 sera enregistr\u00e9, communiqu\u00e9 par tout o\u00f9 besoin sera et publi\u00e9 au Journal Officiel de la R\u00e9publique de Djibouti.<\/p>\n<p>Fait \u00e0 Djibouti, le 31 D\u00e9cembre 2025<\/p>","protected":false},"author":6,"template":"","format":"standard","meta":{"_acf_changed":false,"_monsterinsights_skip_tracking":false,"_monsterinsights_sitenote_active":false,"_monsterinsights_sitenote_note":"","_monsterinsights_sitenote_category":0,"footnotes":""},"institution":[896],"nature-dun-texte":[256],"class_list":["post-209673","texte-juridique","type-texte-juridique","status-publish","format-standard","hentry","institution-60-menfop","nature-dun-texte-arrete"],"acf":{"reference":"2025-177\/PR\/MENFOP","comment":"accordant l'autorisation d'ouvrir une \u00e9cole priv\u00e9e d'enseignement pr\u00e9scolaire, primaire, moyen et secondaire \u201cECOLE PRIVEE BAB-AL-RAYAN\u201d.","visas":"LE PRESIDENT DE LA REPUBLIQUE, CHEF DU GOUVERNEMENT\r\nVU La Constitution du 15 septembre 1992 ;\r\nVU La Loi constitutionnelle n\u00b092\/AN\/10\/6\u00e8me L du 21 avril 2010 portant r\u00e9vision de la constitution ;\r\nVU La Loi n\u00b0188\/AN\/81 du 30 juillet 1981 portant organisation de l'enseignement Priv\u00e9 ;\r\nVU La Loi n\u00b096\/AN\/00\/4\u00e8me L du 10 juillet 2000 portant Orientation du Syst\u00e8me \u00c9ducatif Djiboutien ;\r\nVU La Loi n\u00b0113\/AN\/24\/9\u00e8me L portant r\u00e9organisation du Minist\u00e8re de l'Education Nationale et de la Formation Professionnelle ;\r\n\r\nVU Le D\u00e9cret n\u00b02005-0083\/PRE\/MENSUP fixant les modalit\u00e9s de cr\u00e9ation et de fonctionnement des \u00c9tablissements Priv\u00e9s d'Enseignement Fondamental, Secondaire ou Sup\u00e9rieur ;\r\n\r\nVU Le D\u00e9cret n\u00b02021-105\/PRE du 24 mai 2021 portant nomination du Premier Ministre ;\r\nVU Le D\u00e9cret n\u00b02021-106\/PRE du 24 mai 2021 portant nomination des membres du Gouvernement ;\r\nVU Le D\u00e9cret n\u00b02021-114\/PRE du 31 mai 2021 fixant les attributions des Minist\u00e8res;\r\nVU Le D\u00e9cret n\u00b02022-001\/PRE du 02 janvier 2022 portant remaniement Minist\u00e9riel;\r\nVU Le D\u00e9cret n\u00b02025-082\/PRE du 01 avril 2025 portant remaniement Minist\u00e9riel ;\r\nSUR Proposition du Ministre de l'Education Nationale et de la Formation Professionnelle.","signature":"P. Le Pr\u00e9sident de la R\u00e9publique,\r\nChef du Gouvernement\r\nPour Ampliation Conforme\r\nLe Secr\u00e9taire G\u00e9n\u00e9ral du Gouvernement\r\nALMIS MOHAMED ABDILLAHI","nature_du_texte":256,"journal_officiel":[209642],"institution":896,"mesures":"0","old_texte_id":"","fichiers":null,"titre_ar":"","contenu_ar":"","commentaire_ar":"","visas_ar":"","signature_ar":""},"aioseo_notices":[],"_links":{"self":[{"href":"https:\/\/www.journalofficiel.dj\/arabe\/wp-json\/wp\/v2\/texte-juridique\/209673","targetHints":{"allow":["GET"]}}],"collection":[{"href":"https:\/\/www.journalofficiel.dj\/arabe\/wp-json\/wp\/v2\/texte-juridique"}],"about":[{"href":"https:\/\/www.journalofficiel.dj\/arabe\/wp-json\/wp\/v2\/types\/texte-juridique"}],"author":[{"embeddable":true,"href":"https:\/\/www.journalofficiel.dj\/arabe\/wp-json\/wp\/v2\/users\/6"}],"version-history":[{"count":2,"href":"https:\/\/www.journalofficiel.dj\/arabe\/wp-json\/wp\/v2\/texte-juridique\/209673\/revisions"}],"predecessor-version":[{"id":209675,"href":"https:\/\/www.journalofficiel.dj\/arabe\/wp-json\/wp\/v2\/texte-juridique\/209673\/revisions\/209675"}],"acf:term":[{"embeddable":true,"taxonomy":"institution","href":"https:\/\/www.journalofficiel.dj\/arabe\/wp-json\/wp\/v2\/institution\/896"},{"embeddable":true,"taxonomy":"nature-dun-texte","href":"https:\/\/www.journalofficiel.dj\/arabe\/wp-json\/wp\/v2\/nature-dun-texte\/256"}],"acf:post":[{"embeddable":true,"href":"https:\/\/www.journalofficiel.dj\/arabe\/wp-json\/wp\/v2\/journal-officiel\/209642"}],"wp:attachment":[{"href":"https:\/\/www.journalofficiel.dj\/arabe\/wp-json\/wp\/v2\/media?parent=209673"}],"wp:term":[{"taxonomy":"institution","embeddable":true,"href":"https:\/\/www.journalofficiel.dj\/arabe\/wp-json\/wp\/v2\/institution?post=209673"},{"taxonomy":"nature-dun-texte","embeddable":true,"href":"https:\/\/www.journalofficiel.dj\/arabe\/wp-json\/wp\/v2\/nature-dun-texte?post=209673"}],"curies":[{"name":"wp","href":"https:\/\/api.w.org\/{rel}","templated":true}]}}