{"id":211831,"date":"2026-08-30T14:05:25","date_gmt":"2026-08-30T11:05:25","guid":{"rendered":"https:\/\/www.journalofficiel.dj\/?post_type=texte-juridique&#038;p=211831"},"modified":"2026-08-30T14:28:00","modified_gmt":"2026-08-30T11:28:00","slug":"loi-n230-an-26-9eme-l-portant-approbation-des-comptes-financiers-de-lagence-nationale-de-promotion-du-sport-pour-lexercice-2024","status":"publish","type":"texte-juridique","link":"https:\/\/www.journalofficiel.dj\/arabe\/texte-juridique\/loi-n230-an-26-9eme-l-portant-approbation-des-comptes-financiers-de-lagence-nationale-de-promotion-du-sport-pour-lexercice-2024\/","title":{"rendered":"Loi n\u00b0 230\/AN\/26\/9\u00e8me L Portant approbation des comptes financiers de l&rsquo;Agence Nationale de Promotion du Sport pour l&rsquo;exercice 2024."},"content":{"rendered":"<p><strong>Article 1er<\/strong> : Sont approuv\u00e9s les comptes financiers de l&rsquo;Agence Nationale de Promotion du Sport pour l&rsquo;exercice 2024 dont les d\u00e9tails suivent :<br \/>\n&#8211; En produits :&#8230;&#8230;&#8230;&#8230;&#8230;&#8230;&#8230;&#8230;&#8230;&#8230;&#8230;..298 625 802 FDJ<br \/>\n&#8211; En charge :&#8230;&#8230;&#8230;&#8230;&#8230;&#8230;&#8230;&#8230;&#8230;&#8230;&#8230;&#8230;.316 489 582 FDJ<br \/>\n&#8211; Soit un r\u00e9sultat d\u00e9ficitaire :&#8230;&#8230;&#8230;&#8230;.17 860 780 FDJ<\/p>\n<p><strong>Article 2<\/strong> : La pr\u00e9sente Loi sera publi\u00e9e au Journal Officiel de la R\u00e9publique de Djibouti et ex\u00e9cut\u00e9e comme loi de l&rsquo;\u00c9tat.<\/p>\n<p>Fait \u00e0 Djibouti, le 05 Juillet 2026.<\/p>","protected":false},"author":6,"template":"","format":"standard","meta":{"_acf_changed":false,"_monsterinsights_skip_tracking":false,"_monsterinsights_sitenote_active":false,"_monsterinsights_sitenote_note":"","_monsterinsights_sitenote_category":0,"footnotes":""},"institution":[877],"nature-dun-texte":[247],"class_list":["post-211831","texte-juridique","type-texte-juridique","status-publish","format-standard","hentry","institution-4-an","nature-dun-texte-loi"],"acf":{"reference":"230\/AN\/26\/9\u00e8me L","comment":"Portant approbation des comptes financiers de l'Agence Nationale de Promotion du Sport pour l'exercice 2024.","visas":"VU La Constitution en date du 15 septembre 1992 ;\r\nVU La Loi Constitutionnelle n\u00b092\/AN\/10\/6\u00e8me L du 21 avril 2010 portant r\u00e9vision de la Constitution ;\r\nVU La Loi n\u00b0192\/AN\/25\/9\u00e8me L du 06 novembre 2025 portant r\u00e9vision de la Constitution ;\r\nVU La Loi n\u00b02\/AN\/98\/4\u00e8me L du 21 janvier 1998 portant sur la d\u00e9finition et la gestion des Etablissements Publics ;\r\nVU La Loi n\u00b0143\/AN\/16\/7\u00e8me L du 5 avril 2016 portant Code de la bonne gouvernance des entreprises publiques;\r\nVU La Loi n\u00b009\/AN\/23\/9\u00e8me L portant cr\u00e9ation de l'Agence Nationale de Promotion du Sport ;\r\nVU Le D\u00e9cret n\u00b099-0078\/PR\/MFEN du 08 Juin 1999 portant sur la d\u00e9finition et la gestion des \u00e9tablissements publics administratifs ;\r\nVU Le D\u00e9cret n\u00b02001-0012\/PR\/MEFPCP du 15 janvier 2001 portant r\u00e8glement g\u00e9n\u00e9ral sur la comptabilit\u00e9 publique ;\r\nVU Le D\u00e9cret N\u00b02024-008\/PRE\/SES portant nomination des membres du Conseil d'administration de l'Agence Nationale de Promotion du Sport (ANPS) ;\r\nVU Le D\u00e9cret n\u00b02026-092\/PRE du 14 mai 2026 portant nomination du Premier Ministre ;\r\nVU Le D\u00e9cret n\u00b02026-091\/PRE du 14 mai 2026 portant nomination des membres du Gouvernement ;\r\nVU Le D\u00e9cret n\u00b02026-105\/PRE du 31 mai 2026 fixant les attributions des Minist\u00e9res ;\r\nVU Le Proc\u00e8s-verbal du Conseil d'Administration du 10 septembre 2024 ;\r\nVU La D\u00e9lib\u00e9ration n\u00b050\/2023\/ANPS du Conseil d'administration de l'Agence Nationale de Promotion du Sport portant approbation des comptes financiers de l'exercice 2024 ;\r\nVU La Circulaire n\u00b0074\/PAN\/AI du 24\/06\/2026 portant convocation de l'Assembl\u00e9e nationale en s\u00e9ance publique.\r\n\r\nLe Conseil des Ministres entendu en sa s\u00e9ance du 16 D\u00e9cembre 2025.\r\n\r\nA ADOPT\u00c9, EN SA DEUXIEME S\u00c9ANCE PUBLIQUE DU 29\/06\/2026, LA LOI DONT LA TENEUR SUIT :","signature":"Le Pr\u00e9sident de la R\u00e9publique,\r\nChef du Gouvernement\r\n\r\n<span style=\"text-decoration: underline\">ISMA\u00cfL OMAR GUELLEH<\/span>","nature_du_texte":247,"journal_officiel":[211801],"institution":877,"mesures":"0","old_texte_id":"","fichiers":null,"titre_ar":"","contenu_ar":"","commentaire_ar":"","visas_ar":"","signature_ar":""},"aioseo_notices":[],"_links":{"self":[{"href":"https:\/\/www.journalofficiel.dj\/arabe\/wp-json\/wp\/v2\/texte-juridique\/211831","targetHints":{"allow":["GET"]}}],"collection":[{"href":"https:\/\/www.journalofficiel.dj\/arabe\/wp-json\/wp\/v2\/texte-juridique"}],"about":[{"href":"https:\/\/www.journalofficiel.dj\/arabe\/wp-json\/wp\/v2\/types\/texte-juridique"}],"author":[{"embeddable":true,"href":"https:\/\/www.journalofficiel.dj\/arabe\/wp-json\/wp\/v2\/users\/6"}],"version-history":[{"count":2,"href":"https:\/\/www.journalofficiel.dj\/arabe\/wp-json\/wp\/v2\/texte-juridique\/211831\/revisions"}],"predecessor-version":[{"id":211833,"href":"https:\/\/www.journalofficiel.dj\/arabe\/wp-json\/wp\/v2\/texte-juridique\/211831\/revisions\/211833"}],"acf:term":[{"embeddable":true,"taxonomy":"institution","href":"https:\/\/www.journalofficiel.dj\/arabe\/wp-json\/wp\/v2\/institution\/877"},{"embeddable":true,"taxonomy":"nature-dun-texte","href":"https:\/\/www.journalofficiel.dj\/arabe\/wp-json\/wp\/v2\/nature-dun-texte\/247"}],"acf:post":[{"embeddable":true,"href":"https:\/\/www.journalofficiel.dj\/arabe\/wp-json\/wp\/v2\/journal-officiel\/211801"}],"wp:attachment":[{"href":"https:\/\/www.journalofficiel.dj\/arabe\/wp-json\/wp\/v2\/media?parent=211831"}],"wp:term":[{"taxonomy":"institution","embeddable":true,"href":"https:\/\/www.journalofficiel.dj\/arabe\/wp-json\/wp\/v2\/institution?post=211831"},{"taxonomy":"nature-dun-texte","embeddable":true,"href":"https:\/\/www.journalofficiel.dj\/arabe\/wp-json\/wp\/v2\/nature-dun-texte?post=211831"}],"curies":[{"name":"wp","href":"https:\/\/api.w.org\/{rel}","templated":true}]}}